

{"id":1107,"date":"2025-04-22T14:03:47","date_gmt":"2025-04-22T18:03:47","guid":{"rendered":"https:\/\/pro-print.ca\/shop\/uncategorized\/konica-minolta-bizhub-850i-950i\/"},"modified":"2025-04-22T14:03:47","modified_gmt":"2025-04-22T18:03:47","slug":"konica-minolta-bizhub-850i-950i","status":"publish","type":"product","link":"https:\/\/pro-print.ca\/fr\/boutique\/a3-mono-et-couleur-multifonctionnel\/konica-minolta-bizhub-850i-950i\/","title":{"rendered":"Konica Minolta Bizhub 850i\/950i"},"content":{"rendered":"<h3>Description du produit<\/h3>\n<p>La s\u00e9rie i est dot\u00e9e d&rsquo;un moteur puissant, d&rsquo;une unit\u00e9 centrale de traitement \u00e0 quatre c\u0153urs, d&rsquo;une m\u00e9moire standard de 8 Go et d&rsquo;un disque dur SSD de 256 Go, qui permet des op\u00e9rations rapides et performantes avec des vitesses d&rsquo;impression plus \u00e9lev\u00e9es. Avec une combinaison suppl\u00e9mentaire d&rsquo;une gamme d&rsquo;impression de supports \u00e0 pleine vitesse, d&rsquo;un chargeur de documents \u00e0 double num\u00e9risation en un seul passage et d&rsquo;options de finition, d&rsquo;un capteur de support intelligent, d&rsquo;une correction num\u00e9rique de l&rsquo;obliquit\u00e9 et de bacs de grande capacit\u00e9, elle allie une fonctionnalit\u00e9 fiable \u00e0 une facilit\u00e9 d&rsquo;entretien polyvalente. <\/p>\n<p><strong>Connectivit\u00e9 mobile<\/strong>: Imprimez \u00e0 tout moment et de n&rsquo;importe o\u00f9 gr\u00e2ce \u00e0 la technologie mobile polyvalente de Konica Minolta ; fonctionnalit\u00e9 d&rsquo;impression mobile avanc\u00e9e avec l&rsquo;application gratuite Konica Minolta Mobile Print App.<\/p>\n<p><strong>Fonctionnement intuitif<\/strong>: Naviguez facilement dans le bizhub comme dans un smartphone ou une tablette gr\u00e2ce \u00e0 une interface utilisateur enti\u00e8rement personnalis\u00e9e qui vous permet d&rsquo;acc\u00e9der facilement aux fonctionnalit\u00e9s dont vous avez besoin.<\/p>\n<p><strong>S\u00e9curit\u00e9<\/strong>: Int\u00e9gration r\u00e9seau s\u00e9curis\u00e9e, disque SSD auto-chiffrant, authentification avanc\u00e9e de l&rsquo;utilisateur et analyse antivirus en option.<\/p>\n<p><strong>Efficacit\u00e9<\/strong>: Impression et num\u00e9risation fiables et rapides associ\u00e9es \u00e0 des fonctions de finition avanc\u00e9es.<\/p>\n<p><strong>Finition avanc\u00e9e<\/strong>: choisissez entre un module de finition interne au sol de 50 ou 100 feuilles pour une finition rapide et polyvalente, avec des options modulaires pour la cr\u00e9ation de livrets de 80 pages, le tri-pliage et l&rsquo;insertion de courrier ; les modules de finition au sol ont \u00e9galement une capacit\u00e9 d&rsquo;agrafage manuel.<\/p>\n<p><strong>Alimentation en papier polyvalente<\/strong>: Choisissez entre l&rsquo;unit\u00e9 de grande capacit\u00e9 qui peut contenir jusqu&rsquo;\u00e0 2 500 feuilles de papier 8,5&Prime; x 11&Prime; \u00e0 12&Prime; x 18&Prime; ou l&rsquo;unit\u00e9 de grande capacit\u00e9 de 3 000 feuilles qui peut contenir du papier 8,5&Prime; x 11&Prime;.<\/p>\n","protected":false},"excerpt":{"rendered":"<p>Description du produit La s\u00e9rie i est dot\u00e9e d&rsquo;un moteur puissant, d&rsquo;une unit\u00e9 centrale de traitement \u00e0 quatre c\u0153urs, d&rsquo;une m\u00e9moire standard de 8 Go et d&rsquo;un disque dur SSD de 256 Go, qui permet des op\u00e9rations rapides et performantes avec des vitesses d&rsquo;impression plus \u00e9lev\u00e9es. Avec une combinaison suppl\u00e9mentaire d&rsquo;une gamme d&rsquo;impression de supports [&hellip;]<\/p>\n","protected":false},"featured_media":1109,"comment_status":"open","ping_status":"closed","template":"","meta":{"_acf_changed":false,"_et_pb_use_builder":"","_et_pb_old_content":"","_et_gb_content_width":""},"product_brand":[],"product_cat":[69],"product_tag":[],"class_list":{"0":"post-1107","1":"product","2":"type-product","3":"status-publish","4":"has-post-thumbnail","6":"product_cat-a3-mono-et-couleur-multifonctionnel","8":"first","9":"instock","10":"shipping-taxable","11":"purchasable","12":"product-type-simple"},"acf":[],"yoast_head":"<!-- This site is optimized with the Yoast SEO plugin v26.1 - https:\/\/yoast.com\/wordpress\/plugins\/seo\/ -->\n<title>Konica Minolta Bizhub 850i\/950i - Pro Print<\/title>\n<meta name=\"robots\" content=\"index, follow, max-snippet:-1, max-image-preview:large, max-video-preview:-1\" \/>\n<link rel=\"canonical\" href=\"https:\/\/pro-print.ca\/shop\/uncategorized\/konica-minolta-bizhub-850i-950i\/\" \/>\n<meta property=\"og:locale\" content=\"fr_FR\" \/>\n<meta property=\"og:type\" content=\"article\" \/>\n<meta property=\"og:title\" content=\"Konica Minolta Bizhub 850i\/950i - Pro Print\" \/>\n<meta property=\"og:description\" content=\"Description du produit La s\u00e9rie i est dot\u00e9e d&rsquo;un moteur puissant, d&rsquo;une unit\u00e9 centrale de traitement \u00e0 quatre c\u0153urs, d&rsquo;une m\u00e9moire standard de 8 Go et d&rsquo;un disque dur SSD de 256 Go, qui permet des op\u00e9rations rapides et performantes avec des vitesses d&rsquo;impression plus \u00e9lev\u00e9es. Avec une combinaison suppl\u00e9mentaire d&rsquo;une gamme d&rsquo;impression de supports [&hellip;]\" \/>\n<meta property=\"og:url\" content=\"https:\/\/pro-print.ca\/shop\/uncategorized\/konica-minolta-bizhub-850i-950i\/\" \/>\n<meta property=\"og:site_name\" content=\"Pro Print\" \/>\n<meta property=\"article:publisher\" content=\"https:\/\/www.facebook.com\/profile.php?id=61574781855025\" \/>\n<meta name=\"twitter:card\" content=\"summary_large_image\" \/>\n<meta name=\"twitter:label1\" content=\"Est. reading time\" \/>\n\t<meta name=\"twitter:data1\" content=\"1 minute\" \/>\n<script type=\"application\/ld+json\" class=\"yoast-schema-graph\">{\"@context\":\"https:\/\/schema.org\",\"@graph\":[{\"@type\":\"WebPage\",\"@id\":\"https:\/\/pro-print.ca\/shop\/uncategorized\/konica-minolta-bizhub-850i-950i\/\",\"url\":\"https:\/\/pro-print.ca\/shop\/uncategorized\/konica-minolta-bizhub-850i-950i\/\",\"name\":\"Konica Minolta Bizhub 850i\/950i - Pro Print\",\"isPartOf\":{\"@id\":\"https:\/\/pro-print.ca\/#website\"},\"primaryImageOfPage\":{\"@id\":\"https:\/\/pro-print.ca\/shop\/uncategorized\/konica-minolta-bizhub-850i-950i\/#primaryimage\"},\"image\":{\"@id\":\"https:\/\/pro-print.ca\/shop\/uncategorized\/konica-minolta-bizhub-850i-950i\/#primaryimage\"},\"thumbnailUrl\":\"https:\/\/pro-print.ca\/wp-content\/uploads\/2025\/04\/Konica-Minolta-bizhub-950i.png\",\"datePublished\":\"2025-04-22T18:03:47+00:00\",\"breadcrumb\":{\"@id\":\"https:\/\/pro-print.ca\/shop\/uncategorized\/konica-minolta-bizhub-850i-950i\/#breadcrumb\"},\"inLanguage\":\"fr-FR\",\"potentialAction\":[{\"@type\":\"ReadAction\",\"target\":[\"https:\/\/pro-print.ca\/shop\/uncategorized\/konica-minolta-bizhub-850i-950i\/\"]}]},{\"@type\":\"ImageObject\",\"inLanguage\":\"fr-FR\",\"@id\":\"https:\/\/pro-print.ca\/shop\/uncategorized\/konica-minolta-bizhub-850i-950i\/#primaryimage\",\"url\":\"https:\/\/pro-print.ca\/wp-content\/uploads\/2025\/04\/Konica-Minolta-bizhub-950i.png\",\"contentUrl\":\"https:\/\/pro-print.ca\/wp-content\/uploads\/2025\/04\/Konica-Minolta-bizhub-950i.png\",\"width\":2048,\"height\":1450},{\"@type\":\"BreadcrumbList\",\"@id\":\"https:\/\/pro-print.ca\/shop\/uncategorized\/konica-minolta-bizhub-850i-950i\/#breadcrumb\",\"itemListElement\":[{\"@type\":\"ListItem\",\"position\":1,\"name\":\"Home\",\"item\":\"https:\/\/pro-print.ca\/\"},{\"@type\":\"ListItem\",\"position\":2,\"name\":\"Boutique\",\"item\":\"https:\/\/pro-print.ca\/fr\/boutique\/\"},{\"@type\":\"ListItem\",\"position\":3,\"name\":\"Konica Minolta Bizhub 850i\/950i\"}]},{\"@type\":\"WebSite\",\"@id\":\"https:\/\/pro-print.ca\/#website\",\"url\":\"https:\/\/pro-print.ca\/\",\"name\":\"Pro Print\",\"description\":\"Your print, our priority\",\"publisher\":{\"@id\":\"https:\/\/pro-print.ca\/#organization\"},\"potentialAction\":[{\"@type\":\"SearchAction\",\"target\":{\"@type\":\"EntryPoint\",\"urlTemplate\":\"https:\/\/pro-print.ca\/?s={search_term_string}\"},\"query-input\":{\"@type\":\"PropertyValueSpecification\",\"valueRequired\":true,\"valueName\":\"search_term_string\"}}],\"inLanguage\":\"fr-FR\"},{\"@type\":\"Organization\",\"@id\":\"https:\/\/pro-print.ca\/#organization\",\"name\":\"Pro Print\",\"url\":\"https:\/\/pro-print.ca\/\",\"logo\":{\"@type\":\"ImageObject\",\"inLanguage\":\"fr-FR\",\"@id\":\"https:\/\/pro-print.ca\/#\/schema\/logo\/image\/\",\"url\":\"https:\/\/pro-print.ca\/wp-content\/uploads\/2025\/04\/pro_print_logotype_on_blue.png\",\"contentUrl\":\"https:\/\/pro-print.ca\/wp-content\/uploads\/2025\/04\/pro_print_logotype_on_blue.png\",\"width\":4164,\"height\":1500,\"caption\":\"Pro Print\"},\"image\":{\"@id\":\"https:\/\/pro-print.ca\/#\/schema\/logo\/image\/\"},\"sameAs\":[\"https:\/\/www.facebook.com\/profile.php?id=61574781855025\",\"https:\/\/www.linkedin.com\/company\/pro-print-managed-solutions\"]}]}<\/script>\n<!-- \/ Yoast SEO plugin. -->","yoast_head_json":{"title":"Konica Minolta Bizhub 850i\/950i - Pro Print","robots":{"index":"index","follow":"follow","max-snippet":"max-snippet:-1","max-image-preview":"max-image-preview:large","max-video-preview":"max-video-preview:-1"},"canonical":"https:\/\/pro-print.ca\/shop\/uncategorized\/konica-minolta-bizhub-850i-950i\/","og_locale":"fr_FR","og_type":"article","og_title":"Konica Minolta Bizhub 850i\/950i - Pro Print","og_description":"Description du produit La s\u00e9rie i est dot\u00e9e d&rsquo;un moteur puissant, d&rsquo;une unit\u00e9 centrale de traitement \u00e0 quatre c\u0153urs, d&rsquo;une m\u00e9moire standard de 8 Go et d&rsquo;un disque dur SSD de 256 Go, qui permet des op\u00e9rations rapides et performantes avec des vitesses d&rsquo;impression plus \u00e9lev\u00e9es. Avec une combinaison suppl\u00e9mentaire d&rsquo;une gamme d&rsquo;impression de supports [&hellip;]","og_url":"https:\/\/pro-print.ca\/shop\/uncategorized\/konica-minolta-bizhub-850i-950i\/","og_site_name":"Pro Print","article_publisher":"https:\/\/www.facebook.com\/profile.php?id=61574781855025","twitter_card":"summary_large_image","twitter_misc":{"Est. reading time":"1 minute"},"schema":{"@context":"https:\/\/schema.org","@graph":[{"@type":"WebPage","@id":"https:\/\/pro-print.ca\/shop\/uncategorized\/konica-minolta-bizhub-850i-950i\/","url":"https:\/\/pro-print.ca\/shop\/uncategorized\/konica-minolta-bizhub-850i-950i\/","name":"Konica Minolta Bizhub 850i\/950i - Pro Print","isPartOf":{"@id":"https:\/\/pro-print.ca\/#website"},"primaryImageOfPage":{"@id":"https:\/\/pro-print.ca\/shop\/uncategorized\/konica-minolta-bizhub-850i-950i\/#primaryimage"},"image":{"@id":"https:\/\/pro-print.ca\/shop\/uncategorized\/konica-minolta-bizhub-850i-950i\/#primaryimage"},"thumbnailUrl":"https:\/\/pro-print.ca\/wp-content\/uploads\/2025\/04\/Konica-Minolta-bizhub-950i.png","datePublished":"2025-04-22T18:03:47+00:00","breadcrumb":{"@id":"https:\/\/pro-print.ca\/shop\/uncategorized\/konica-minolta-bizhub-850i-950i\/#breadcrumb"},"inLanguage":"fr-FR","potentialAction":[{"@type":"ReadAction","target":["https:\/\/pro-print.ca\/shop\/uncategorized\/konica-minolta-bizhub-850i-950i\/"]}]},{"@type":"ImageObject","inLanguage":"fr-FR","@id":"https:\/\/pro-print.ca\/shop\/uncategorized\/konica-minolta-bizhub-850i-950i\/#primaryimage","url":"https:\/\/pro-print.ca\/wp-content\/uploads\/2025\/04\/Konica-Minolta-bizhub-950i.png","contentUrl":"https:\/\/pro-print.ca\/wp-content\/uploads\/2025\/04\/Konica-Minolta-bizhub-950i.png","width":2048,"height":1450},{"@type":"BreadcrumbList","@id":"https:\/\/pro-print.ca\/shop\/uncategorized\/konica-minolta-bizhub-850i-950i\/#breadcrumb","itemListElement":[{"@type":"ListItem","position":1,"name":"Home","item":"https:\/\/pro-print.ca\/"},{"@type":"ListItem","position":2,"name":"Boutique","item":"https:\/\/pro-print.ca\/fr\/boutique\/"},{"@type":"ListItem","position":3,"name":"Konica Minolta Bizhub 850i\/950i"}]},{"@type":"WebSite","@id":"https:\/\/pro-print.ca\/#website","url":"https:\/\/pro-print.ca\/","name":"Pro Print","description":"Your print, our priority","publisher":{"@id":"https:\/\/pro-print.ca\/#organization"},"potentialAction":[{"@type":"SearchAction","target":{"@type":"EntryPoint","urlTemplate":"https:\/\/pro-print.ca\/?s={search_term_string}"},"query-input":{"@type":"PropertyValueSpecification","valueRequired":true,"valueName":"search_term_string"}}],"inLanguage":"fr-FR"},{"@type":"Organization","@id":"https:\/\/pro-print.ca\/#organization","name":"Pro Print","url":"https:\/\/pro-print.ca\/","logo":{"@type":"ImageObject","inLanguage":"fr-FR","@id":"https:\/\/pro-print.ca\/#\/schema\/logo\/image\/","url":"https:\/\/pro-print.ca\/wp-content\/uploads\/2025\/04\/pro_print_logotype_on_blue.png","contentUrl":"https:\/\/pro-print.ca\/wp-content\/uploads\/2025\/04\/pro_print_logotype_on_blue.png","width":4164,"height":1500,"caption":"Pro Print"},"image":{"@id":"https:\/\/pro-print.ca\/#\/schema\/logo\/image\/"},"sameAs":["https:\/\/www.facebook.com\/profile.php?id=61574781855025","https:\/\/www.linkedin.com\/company\/pro-print-managed-solutions"]}]}},"_links":{"self":[{"href":"https:\/\/pro-print.ca\/fr\/wp-json\/wp\/v2\/product\/1107","targetHints":{"allow":["GET"]}}],"collection":[{"href":"https:\/\/pro-print.ca\/fr\/wp-json\/wp\/v2\/product"}],"about":[{"href":"https:\/\/pro-print.ca\/fr\/wp-json\/wp\/v2\/types\/product"}],"replies":[{"embeddable":true,"href":"https:\/\/pro-print.ca\/fr\/wp-json\/wp\/v2\/comments?post=1107"}],"wp:featuredmedia":[{"embeddable":true,"href":"https:\/\/pro-print.ca\/fr\/wp-json\/wp\/v2\/media\/1109"}],"wp:attachment":[{"href":"https:\/\/pro-print.ca\/fr\/wp-json\/wp\/v2\/media?parent=1107"}],"wp:term":[{"taxonomy":"product_brand","embeddable":true,"href":"https:\/\/pro-print.ca\/fr\/wp-json\/wp\/v2\/product_brand?post=1107"},{"taxonomy":"product_cat","embeddable":true,"href":"https:\/\/pro-print.ca\/fr\/wp-json\/wp\/v2\/product_cat?post=1107"},{"taxonomy":"product_tag","embeddable":true,"href":"https:\/\/pro-print.ca\/fr\/wp-json\/wp\/v2\/product_tag?post=1107"}],"curies":[{"name":"wp","href":"https:\/\/api.w.org\/{rel}","templated":true}]}}